{"id":262,"date":"2019-10-22T11:00:09","date_gmt":"2019-10-22T11:00:09","guid":{"rendered":"http:\/\/kochfahnen.de\/?page_id=262"},"modified":"2019-10-22T11:03:09","modified_gmt":"2019-10-22T11:03:09","slug":"impressum","status":"publish","type":"page","link":"http:\/\/kochfahnen.de\/?page_id=262","title":{"rendered":"Impressum"},"content":{"rendered":"\n<h1 class=\"wp-block-heading\">Rechtliches<\/h1>\n\n\n\n<h2 class=\"wp-block-heading\">Haftungsausschluss<\/h2>\n\n\n\n<p>1. Inhalt des Onlineangebotes \n<\/p>\n\n\n\n<p><br>   Der Autor \u00fcbernimmt keinerlei Gew\u00e4hr f\u00fcr die Aktualit\u00e4t,  \nKorrektheit,    Vollst\u00e4ndigkeit oder Qualit\u00e4t der bereitgestellten  \nInformationen.    Haftungsanspr\u00fcche gegen den Autor, welche sich auf  \nSch\u00e4den materieller   oder  ideeller Art beziehen, die durch die Nutzung\n  oder Nichtnutzung der   dargebotenen  Informationen bzw. durch die  \nNutzung fehlerhafter und   unvollst\u00e4ndiger  Informationen verursacht  \nwurden sind grunds\u00e4tzlich   ausgeschlossen, sofern  seitens des Autors  \nkein nachweislich   vors\u00e4tzliches oder grob fahrl\u00e4ssiges  Verschulden  \nvorliegt.<br> Alle   Angebote sind freibleibend und unverbindlich. Der  \nAutor  beh\u00e4lt es sich   ausdr\u00fccklich vor, Teile der Seiten oder das  \ngesamte Angebot ohne    gesonderte Ank\u00fcndigung zu ver\u00e4ndern, zu  \nerg\u00e4nzen, zu l\u00f6schen oder die    Ver\u00f6ffentlichung zeitweise oder  \nendg\u00fcltig einzustellen.<br><br><strong>2. Verweise und Links<\/strong><br><br>\n    Bei direkten oder indirekten Verweisen auf fremde Internetseiten    \n(&#8222;Links&#8220;), die  au\u00dferhalb des Verantwortungsbereiches des Autors liegen,\n    w\u00fcrde eine  Haftungsverpflichtung ausschlie\u00dflich in dem Fall in \nKraft    treten, in dem der  Autor von den Inhalten Kenntnis hat und es \nihm    technisch m\u00f6glich und zumutbar  w\u00e4re, die Nutzung im Falle    \nrechtswidriger Inhalte zu verhindern.<br> Der Autor erkl\u00e4rt hiermit    \nausdr\u00fccklich, dass zum Zeitpunkt der Linksetzung die  entsprechenden    \nverlinkten Seiten frei von illegalen Inhalten waren. Auf die  aktuelle  \n  und zuk\u00fcnftige Gestaltung, die Inhalte oder die Urheberschaft der     \ngelinkten\/verkn\u00fcpften Seiten hat der Autor keinerlei Einfluss. Deshalb  \n   distanziert er sich hiermit ausdr\u00fccklich von allen Inhalten aller    \ngelinkten  \/verkn\u00fcpften Seiten, die nach der Linksetzung ver\u00e4ndert    \nwurden. Diese  Feststellung gilt f\u00fcr alle innerhalb des eigenen    \nInternetangebotes gesetzten  Links und Verweise sowie f\u00fcr Fremdeintr\u00e4ge \n   in vom Autor eingerichteten  G\u00e4steb\u00fcchern, Diskussionsforen und    \nMailinglisten. F\u00fcr illegale, fehlerhafte oder  unvollst\u00e4ndige Inhalte   \n und insbesondere f\u00fcr Sch\u00e4den, die aus der Nutzung oder  Nichtnutzung   \n solcherart dargebotener Informationen entstehen, haftet allein der     \nAnbieter der Seite, auf welche verwiesen wurde, nicht derjenige, der    \n\u00fcber Links  auf die jeweilige Ver\u00f6ffentlichung lediglich verweist.<br><br><strong>3. Urheber- und Kennzeichenrecht<\/strong><br><br>\n    Der Autor ist bestrebt, in allen Publikationen die Urheberrechte der\n    verwendeten  Grafiken, Tondokumente, Videosequenzen und Texte zu    \nbeachten, von ihm selbst  erstellte Grafiken, Tondokumente,    \nVideosequenzen und Texte zu nutzen oder auf  lizenzfreie Grafiken,    \nTondokumente, Videosequenzen und Texte zur\u00fcckzugreifen.<br> Alle    \ninnerhalb des Internetangebotes genannten und ggf. durch Dritte    \ngesch\u00fctzten  Marken- und Warenzeichen unterliegen uneingeschr\u00e4nkt den   \n Bestimmungen des  jeweils g\u00fcltigen Kennzeichenrechts und den    \nBesitzrechten der jeweiligen  eingetragenen Eigent\u00fcmer. Allein aufgrund \n   der blo\u00dfen Nennung ist nicht der  Schluss zu ziehen, dass  \nMarkenzeichen   nicht durch Rechte Dritter gesch\u00fctzt sind!<br> Das  \nCopyright f\u00fcr   ver\u00f6ffentlichte, vom Autor selbst erstellte Objekte  \nbleibt  allein beim   Autor der Seiten. Eine Vervielf\u00e4ltigung oder  \nVerwendung solcher    Grafiken, Tondokumente, Videosequenzen und Texte  \nin anderen   elektronischen oder  gedruckten Publikationen ist ohne  \nausdr\u00fcckliche   Zustimmung des Autors nicht  gestattet.<br><br><strong>4. Datenschutz<\/strong><br><br>\n    Sofern innerhalb des Internetangebotes die M\u00f6glichkeit zur Eingabe  \n  pers\u00f6nlicher  oder gesch\u00e4ftlicher Daten (Emailadressen, Namen,    \nAnschriften) besteht, so  erfolgt die Preisgabe dieser Daten seitens des\n    Nutzers auf ausdr\u00fccklich  freiwilliger Basis. Die Inanspruchnahme \nund    Bezahlung aller angebotenen Dienste  ist &#8211; soweit technisch \nm\u00f6glich  und   zumutbar &#8211; auch ohne Angabe solcher Daten  bzw. unter \nAngabe    anonymisierter Daten oder eines Pseudonyms gestattet.  \nKundenbezogene    Daten werden ausschlie\u00dflich f\u00fcr die eigene \nKundenpflege  (Zusendung von    Informationen) verwendet. Die Weitergabe\n an Dritte ist   Ausgeschlossen.   Der Kunde stimmt der Verwendung \nseiner Daten in diesem  Sinne zu.<br><br><strong>5. Rechtswirksamkeit dieses Haftungsausschlusses<\/strong><br><br>\n    Dieser Haftungsausschluss ist als Teil des Internetangebotes zu    \nbetrachten, von  dem aus auf diese Seite verwiesen wurde. Sofern Teile  \n  oder einzelne  Formulierungen dieses Textes der geltenden Rechtslage  \n  nicht, nicht mehr oder  nicht vollst\u00e4ndig entsprechen sollten, bleiben\n    die \u00fcbrigen Teile des Dokumentes  in ihrem Inhalt und ihrer \nG\u00fcltigkeit    davon unber\u00fchrt.  \n<\/p>\n\n\n\n<p><strong>Fahnen Koch Coburger Fahnenfabrik Bayerische Flaggendruckerei Th\u00fcringer Fahnenfabrik GmbH <\/strong><\/p>\n\n\n\n<p>Querstra\u00dfe 8<br>  96450 Coburg   \n<\/p>\n\n\n\n<p>&nbsp;Telefon: 09561 55 27 0   \n<\/p>\n\n\n\n<p>Telefax: 09561 55 27 23 \n<\/p>\n\n\n\n<p>info@fahnen-koch.de<\/p>\n","protected":false},"excerpt":{"rendered":"<p>Rechtliches Haftungsausschluss 1. Inhalt des Onlineangebotes Der Autor \u00fcbernimmt keinerlei Gew\u00e4hr f\u00fcr die Aktualit\u00e4t, Korrektheit, Vollst\u00e4ndigkeit oder Qualit\u00e4t der bereitgestellten Informationen. Haftungsanspr\u00fcche gegen den Autor, welche sich auf Sch\u00e4den materieller oder ideeller Art beziehen, die durch die Nutzung oder Nichtnutzung der dargebotenen Informationen bzw. durch die Nutzung fehlerhafter und unvollst\u00e4ndiger Informationen verursacht wurden sind grunds\u00e4tzlich&hellip; <br \/> <a class=\"read-more\" href=\"http:\/\/kochfahnen.de\/?page_id=262\">Weiterlesen<\/a><\/p>\n","protected":false},"author":1,"featured_media":0,"parent":0,"menu_order":0,"comment_status":"closed","ping_status":"closed","template":"","meta":{"footnotes":""},"class_list":["post-262","page","type-page","status-publish","hentry"],"aioseo_notices":[],"_links":{"self":[{"href":"http:\/\/kochfahnen.de\/index.php?rest_route=\/wp\/v2\/pages\/262","targetHints":{"allow":["GET"]}}],"collection":[{"href":"http:\/\/kochfahnen.de\/index.php?rest_route=\/wp\/v2\/pages"}],"about":[{"href":"http:\/\/kochfahnen.de\/index.php?rest_route=\/wp\/v2\/types\/page"}],"author":[{"embeddable":true,"href":"http:\/\/kochfahnen.de\/index.php?rest_route=\/wp\/v2\/users\/1"}],"replies":[{"embeddable":true,"href":"http:\/\/kochfahnen.de\/index.php?rest_route=%2Fwp%2Fv2%2Fcomments&post=262"}],"version-history":[{"count":2,"href":"http:\/\/kochfahnen.de\/index.php?rest_route=\/wp\/v2\/pages\/262\/revisions"}],"predecessor-version":[{"id":267,"href":"http:\/\/kochfahnen.de\/index.php?rest_route=\/wp\/v2\/pages\/262\/revisions\/267"}],"wp:attachment":[{"href":"http:\/\/kochfahnen.de\/index.php?rest_route=%2Fwp%2Fv2%2Fmedia&parent=262"}],"curies":[{"name":"wp","href":"https:\/\/api.w.org\/{rel}","templated":true}]}}