{"id":49,"date":"2019-10-21T15:59:17","date_gmt":"2019-10-21T15:59:17","guid":{"rendered":"http:\/\/kochfahnen.de\/?page_id=49"},"modified":"2020-01-22T16:24:37","modified_gmt":"2020-01-22T16:24:37","slug":"was-machen-wir","status":"publish","type":"page","link":"http:\/\/kochfahnen.de\/?page_id=49","title":{"rendered":"Produkte \u00dcbersicht"},"content":{"rendered":"\n<p>&nbsp;<\/p>\n\n\n\n<div class=\"wp-block-cover has-background-dim\" style=\"background-image:url(http:\/\/kochfahnen.de\/wp-content\/uploads\/2019\/10\/Produkte.gif)\"><div class=\"wp-block-cover__inner-container is-layout-flow wp-block-cover-is-layout-flow\">\n<p style=\"text-align:center\" class=\"has-text-color has-huge-font-size has-luminous-vivid-amber-color\"><strong>Was wir alles fertigen<\/strong><\/p>\n<\/div><\/div>\n\n\n<div\n\t\t\t\n\t\t\tclass=\"so-widget-sow-button so-widget-sow-button-atom-3c161b3f69bf\"\n\t\t\t\n\t\t><div class=\"ow-button-base ow-button-align-center\"\n>\n\t\t\t<a\n\t\t\t\t\thref=\"http:\/\/kochfahnen.de?page_id=131\"\n\t\t\t\t\tclass=\"sowb-button ow-icon-placement-left ow-button-hover\" \t>\n\t\t<span>\n\t\t\t<span class=\"sow-icon-fontawesome sow-fab\" data-sow-icon=\"&#xf2b4;\"\n\t\tstyle=\"color: #fc0000\" \n\t\taria-hidden=\"true\"><\/span>\n\t\t\tZu den Neuheiten\t\t<\/span>\n\t\t\t<\/a>\n\t<\/div>\n<\/div>\n\n\n<p>&nbsp;<\/p>\n\n\n\n<p>&nbsp;<\/p>\n\n\n\n<p style=\"text-align:center\" class=\"has-background has-large-font-size has-very-light-gray-background-color\">Hier sind alle unserer Produkte aufgef\u00fchrt.<\/p>\n\n\n<hr>\n<h3 style=\"text-align: center;\">Klicke auf den unterstrichene Namen!<\/h3>\n<hr>\n<hr>\n<hr>\n<p>&nbsp;<\/p>\n\n\n<p class=\"has-background has-medium-font-size has-light-green-cyan-background-color\"><a href=\"http:\/\/www.fahnen-koch.de\/?page_id=1713\">Wissen \u00fcber Fahne, Tragen der Sch\u00e4rpe &amp; Trauerbeflaggung<\/a><\/p>\n\n\n\n<p class=\"has-background has-large-font-size has-very-light-gray-background-color\"><strong><a href=\"http:\/\/fahnenbaender.de\/?page_id=69\">A<\/a><\/strong><a href=\"http:\/\/fahnenbaender.de\/?page_id=69\">bzeichen gestickt und gedruckt<\/a>&nbsp;&nbsp;&nbsp;<\/p>\n\n\n\n<p class=\"has-background has-large-font-size has-very-light-gray-background-color\"><a href=\"http:\/\/www.fahnen-koch.de\/?page_id=1008\">Aktionsfahnen<\/a><\/p>\n\n\n\n<p class=\"has-background has-large-font-size has-very-light-gray-background-color\"><a href=\"http:\/\/fahnenbaender.de\/?page_id=69\">Armabzeichen&nbsp;&nbsp;&nbsp;<\/a>&nbsp;&nbsp;&nbsp;&nbsp;&nbsp;&nbsp;&nbsp;&nbsp;&nbsp;&nbsp;&nbsp;&nbsp;&nbsp;&nbsp;<\/p>\n\n\n\n<p class=\"has-background has-large-font-size has-very-light-gray-background-color\"><a href=\"http:\/\/thueringer-fahnenfabrik.de\/?page_id=235\">Armbinden<\/a>&nbsp;&nbsp;&nbsp;&nbsp;&nbsp;&nbsp;&nbsp;&nbsp;&nbsp;&nbsp;&nbsp;&nbsp;&nbsp;&nbsp;&nbsp;&nbsp;&nbsp;&nbsp;&nbsp;<\/p>\n\n\n\n<p class=\"has-background has-large-font-size has-very-light-gray-background-color\"><a href=\"http:\/\/thueringer-fahnenfabrik.de\/?page_id=235\">Armstreifen gestickt&nbsp;&nbsp;<\/a>&nbsp;&nbsp;&nbsp;<\/p>\n\n\n\n<p class=\"has-background has-large-font-size has-very-light-gray-background-color\"><a href=\"http:\/\/www.fahnen-koch.de\/?page_id=972\">Autoflagge<\/a><\/p>\n\n\n\n<p class=\"has-background has-large-font-size has-very-light-gray-background-color\"><a href=\"http:\/\/fahnenbaender.de\/?page_id=69\">Automatenstickerei&nbsp;&nbsp;&nbsp;&nbsp;&nbsp;<\/a><\/p>\n\n\n\n<p class=\"has-background has-large-font-size has-pale-cyan-blue-background-color\"><a href=\"http:\/\/www.fahnen-koch.de\/?page_id=892\">Baldachin<\/a><\/p>\n\n\n\n<p class=\"has-background has-large-font-size has-pale-cyan-blue-background-color\"><strong><a href=\"http:\/\/thueringer-fahnenfabrik.de\/?page_id=235\">B<\/a><\/strong><a href=\"http:\/\/thueringer-fahnenfabrik.de\/?page_id=235\">andabzeichen&nbsp;&nbsp;&nbsp;&nbsp;&nbsp;<\/a><\/p>\n\n\n\n<p class=\"has-background has-large-font-size has-pale-cyan-blue-background-color\"><a href=\"http:\/\/deutschefahnen.de\/?page_id=1481\">Banner&nbsp;&nbsp;&nbsp;&nbsp;<\/a><\/p>\n\n\n\n<p class=\"has-background has-large-font-size has-pale-cyan-blue-background-color\"><a href=\"http:\/\/www.fahnen-koch.de\/?page_id=925\">Begleitersch\u00e4rpen<\/a><\/p>\n\n\n\n<p class=\"has-background has-large-font-size has-pale-cyan-blue-background-color\"><a href=\"http:\/\/fahnenbaender.de\/?page_id=79\">Beh\u00e4nge&nbsp;&nbsp;&nbsp;&nbsp;&nbsp;&nbsp;&nbsp;&nbsp;&nbsp;<\/a><\/p>\n\n\n\n<p class=\"has-background has-large-font-size has-pale-cyan-blue-background-color\"><a href=\"http:\/\/www.fahnen-koch.de\/?page_id=1010\">Bootsflaggen<\/a><\/p>\n\n\n\n<p class=\"has-background has-large-font-size has-very-light-gray-background-color\"><strong><a href=\"http:\/\/deutschefahne.de\/HTTP\/fk\/herstellung-verkauf\/Coleurartikel.html\">C<\/a><\/strong><a href=\"http:\/\/deutschefahne.de\/HTTP\/fk\/herstellung-verkauf\/Coleurartikel.html\">ouleur-Artikel<\/a>&nbsp;&nbsp;&nbsp;&nbsp;&nbsp;<\/p>\n\n\n\n<p class=\"has-background has-large-font-size has-pale-cyan-blue-background-color\"><strong><a href=\"http:\/\/www.fahnen-koch.de\/?page_id=925\">D<\/a><\/strong><a href=\"http:\/\/www.fahnen-koch.de\/?page_id=925\">amensch\u00e4rpen&nbsp;<\/a>&nbsp;&nbsp;<\/p>\n\n\n\n<p class=\"has-background has-large-font-size has-very-light-gray-background-color\"><strong><a href=\"http:\/\/fahnenbaender.de\/?page_id=69\">E<\/a><\/strong><a href=\"http:\/\/fahnenbaender.de\/?page_id=69\">mailleabzeichen&nbsp;&nbsp;<\/a>&nbsp;&nbsp;&nbsp;<\/p>\n\n\n\n<p class=\"has-background has-large-font-size has-very-light-gray-background-color\"><a href=\"http:\/\/bayerische-flaggen.de\/?page_id=13\">Erinnerungsb\u00e4nder&nbsp;&nbsp;<\/a><\/p>\n\n\n\n<p class=\"has-background has-large-font-size has-very-light-gray-background-color\"><a href=\"http:\/\/www.fahnen-koch.de\/?page_id=51\">Erinnerungswimpel&nbsp;&nbsp;<\/a>&nbsp;<\/p>\n\n\n\n<p class=\"has-background has-large-font-size has-pale-cyan-blue-background-color\"><a href=\"http:\/\/thueringer-fahnenfabrik.de\/?page_id=227\">Fahnen gestickt<\/a>&nbsp;&nbsp;&nbsp;<\/p>\n\n\n\n<p class=\"has-background has-large-font-size has-pale-cyan-blue-background-color\"><a href=\"http:\/\/fahnenbaender.de\/?page_id=34\">Fahnenb\u00e4nder&nbsp;&nbsp;&nbsp;&nbsp;<\/a><\/p>\n\n\n\n<p class=\"has-background has-large-font-size has-pale-cyan-blue-background-color\"><a href=\"http:\/\/lumiflag.de\/?page_id=11\">Fahnenbandkissen<\/a> Schlaraffia!!<\/p>\n\n\n\n<p class=\"has-background has-large-font-size has-pale-cyan-blue-background-color\"><a href=\"http:\/\/www.fahnen-koch.de\/?page_id=644\">Fahnenbandringe<\/a><\/p>\n\n\n\n<p class=\"has-background has-large-font-size has-pale-cyan-blue-background-color\"><a href=\"http:\/\/thueringer-fahnenfabrik.de\/?page_id=235\">Fahnenketten aus Papier&nbsp;&nbsp;&nbsp;&nbsp;<\/a>&nbsp;<\/p>\n\n\n\n<p class=\"has-background has-large-font-size has-pale-cyan-blue-background-color\"><a href=\"http:\/\/thueringer-fahnenfabrik.de\/?page_id=235\">Fahnenketten aus Stoff&nbsp;&nbsp;&nbsp;<\/a>&nbsp;&nbsp;<\/p>\n\n\n\n<p class=\"has-background has-large-font-size has-pale-cyan-blue-background-color\"><a href=\"http:\/\/www.fahnen-koch.de\/?page_id=67\">Fahnenmaste<\/a><\/p>\n\n\n\n<p class=\"has-background has-large-font-size has-pale-cyan-blue-background-color\"><a href=\"http:\/\/www.fahnen-koch.de\/?page_id=644\">Fahnenspitzen&nbsp;&nbsp;<\/a>&nbsp;&nbsp;&nbsp;&nbsp;&nbsp;&nbsp;&nbsp;<\/p>\n\n\n<div id=\"pl-gb49-69f4378561cc6\"  class=\"panel-layout\" ><div id=\"pg-gb49-69f4378561cc6-0\"  class=\"panel-grid panel-no-style\" ><div id=\"pgc-gb49-69f4378561cc6-0-0\"  class=\"panel-grid-cell\" ><div id=\"panel-gb49-69f4378561cc6-0-0-0\" class=\"so-panel widget widget_text panel-first-child panel-last-child\" data-index=\"0\" >\t\t\t<div class=\"textwidget\"><p><a href=\"http:\/\/deutschlandfahne.com\/C_Fahnen%20Zubehoer\/Zur%20Fahne\/Metallware\/Fahnenspitzenkatalog_page1.htm\">Spitze 401,403,418<\/a><\/p>\n<\/div>\n\t\t<\/div><\/div><div id=\"pgc-gb49-69f4378561cc6-0-1\"  class=\"panel-grid-cell\" ><div id=\"panel-gb49-69f4378561cc6-0-1-0\" class=\"so-panel widget widget_text panel-first-child panel-last-child\" data-index=\"1\" >\t\t\t<div class=\"textwidget\"><p><a href=\"http:\/\/deutschlandfahne.com\/C_Fahnen%20Zubehoer\/Zur%20Fahne\/Metallware\/Fahnenspitzenkatalog_page2.htm\">Embleme 401,403,418<\/a><\/p>\n<\/div>\n\t\t<\/div><\/div><div id=\"pgc-gb49-69f4378561cc6-0-2\"  class=\"panel-grid-cell\" ><div id=\"panel-gb49-69f4378561cc6-0-2-0\" class=\"so-panel widget widget_text panel-first-child panel-last-child\" data-index=\"2\" >\t\t\t<div class=\"textwidget\"><p><a href=\"http:\/\/deutschlandfahne.com\/C_Fahnen%20Zubehoer\/Zur%20Fahne\/Metallware\/Fahnenspitzenkatalog_page3.htm\">Spitzen 401-416<\/a><\/p>\n<\/div>\n\t\t<\/div><\/div><\/div><div id=\"pg-gb49-69f4378561cc6-1\"  class=\"panel-grid panel-no-style\" ><div id=\"pgc-gb49-69f4378561cc6-1-0\"  class=\"panel-grid-cell\" ><div id=\"panel-gb49-69f4378561cc6-1-0-0\" class=\"so-panel widget widget_text panel-first-child panel-last-child\" data-index=\"3\" >\t\t\t<div class=\"textwidget\"><p><a href=\"http:\/\/deutschlandfahne.com\/C_Fahnen%20Zubehoer\/Zur%20Fahne\/Metallware\/Fahnenspitzenkatalog_page4.htm\">Volle Spitzen<\/a><\/p>\n<\/div>\n\t\t<\/div><\/div><div id=\"pgc-gb49-69f4378561cc6-1-1\"  class=\"panel-grid-cell\" ><div id=\"panel-gb49-69f4378561cc6-1-1-0\" class=\"so-panel widget widget_text panel-first-child panel-last-child\" data-index=\"4\" >\t\t\t<div class=\"textwidget\"><p><a href=\"http:\/\/deutschlandfahne.com\/C_Fahnen%20Zubehoer\/Zur%20Fahne\/Metallware\/Fahnenspitzenkatalog_page5.htm\">Kranz, verzierte Spitzen<\/a><\/p>\n<\/div>\n\t\t<\/div><\/div><div id=\"pgc-gb49-69f4378561cc6-1-2\"  class=\"panel-grid-cell\" ><div id=\"panel-gb49-69f4378561cc6-1-2-0\" class=\"so-panel widget widget_text panel-first-child panel-last-child\" data-index=\"5\" >\t\t\t<div class=\"textwidget\"><p><a href=\"http:\/\/deutschlandfahne.com\/C_Fahnen%20Zubehoer\/Zur%20Fahne\/Metallware\/Fahnenspitzenkatalog_page6.htm\">Spitze 1000 mit Embleme<\/a><\/p>\n<\/div>\n\t\t<\/div><\/div><\/div><div id=\"pg-gb49-69f4378561cc6-2\"  class=\"panel-grid panel-no-style\" ><div id=\"pgc-gb49-69f4378561cc6-2-0\"  class=\"panel-grid-cell\" ><div id=\"panel-gb49-69f4378561cc6-2-0-0\" class=\"so-panel widget widget_text panel-first-child panel-last-child\" data-index=\"6\" >\t\t\t<div class=\"textwidget\"><p><a href=\"http:\/\/deutschlandfahne.com\/C_Fahnen%20Zubehoer\/Zur%20Fahne\/Metallware\/Fahnenspitzenkatalog_page7.htm\">Adler Spitzen<\/a><\/p>\n<\/div>\n\t\t<\/div><\/div><div id=\"pgc-gb49-69f4378561cc6-2-1\"  class=\"panel-grid-cell\" ><div id=\"panel-gb49-69f4378561cc6-2-1-0\" class=\"so-panel widget widget_text panel-first-child panel-last-child\" data-index=\"7\" >\t\t\t<div class=\"textwidget\"><p><a href=\"http:\/\/deutschlandfahne.com\/C_Fahnen%20Zubehoer\/Zur%20Fahne\/Metallware\/Fahnenspitzenkatalog_page8.htm\">Feuerwehr Spitzen<\/a><\/p>\n<\/div>\n\t\t<\/div><\/div><div id=\"pgc-gb49-69f4378561cc6-2-2\"  class=\"panel-grid-cell\" ><div id=\"panel-gb49-69f4378561cc6-2-2-0\" class=\"so-panel widget widget_text panel-first-child panel-last-child\" data-index=\"8\" >\t\t\t<div class=\"textwidget\"><p><a href=\"http:\/\/deutschlandfahne.com\/C_Fahnen%20Zubehoer\/Zur%20Fahne\/Metallware\/Fahnenspitzenkatalog_page9.htm\">Handwerk Spitzen<\/a><\/p>\n<\/div>\n\t\t<\/div><\/div><\/div><div id=\"pg-gb49-69f4378561cc6-3\"  class=\"panel-grid panel-no-style\" ><div id=\"pgc-gb49-69f4378561cc6-3-0\"  class=\"panel-grid-cell\" ><div id=\"panel-gb49-69f4378561cc6-3-0-0\" class=\"so-panel widget widget_text panel-first-child panel-last-child\" data-index=\"9\" >\t\t\t<div class=\"textwidget\"><p><a href=\"http:\/\/deutschlandfahne.com\/C_Fahnen%20Zubehoer\/Zur%20Fahne\/Metallware\/Fahnenspitzenkatalog_page10.htm\">Handwerk Spitzen rund<\/a><\/p>\n<\/div>\n\t\t<\/div><\/div><div id=\"pgc-gb49-69f4378561cc6-3-1\"  class=\"panel-grid-cell\" ><div id=\"panel-gb49-69f4378561cc6-3-1-0\" class=\"so-panel widget widget_text panel-first-child panel-last-child\" data-index=\"10\" >\t\t\t<div class=\"textwidget\"><p><a href=\"http:\/\/deutschlandfahne.com\/C_Fahnen%20Zubehoer\/Zur%20Fahne\/Metallware\/Fahnenspitzenkatalog_page11.htm\">Hilfsorganisationen<\/a><\/p>\n<\/div>\n\t\t<\/div><\/div><div id=\"pgc-gb49-69f4378561cc6-3-2\"  class=\"panel-grid-cell\" ><div id=\"panel-gb49-69f4378561cc6-3-2-0\" class=\"so-panel widget widget_text panel-first-child panel-last-child\" data-index=\"11\" >\t\t\t<div class=\"textwidget\"><p><a href=\"http:\/\/deutschlandfahne.com\/C_Fahnen%20Zubehoer\/Zur%20Fahne\/Metallware\/Fahnenspitzenkatalog_page12.htm\">Karneval Spitze- Zepter<\/a><\/p>\n<\/div>\n\t\t<\/div><\/div><\/div><div id=\"pg-gb49-69f4378561cc6-4\"  class=\"panel-grid panel-no-style\" ><div id=\"pgc-gb49-69f4378561cc6-4-0\"  class=\"panel-grid-cell\" ><div id=\"panel-gb49-69f4378561cc6-4-0-0\" class=\"so-panel widget widget_text panel-first-child panel-last-child\" data-index=\"12\" >\t\t\t<div class=\"textwidget\"><p><a href=\"http:\/\/deutschlandfahne.com\/C_Fahnen%20Zubehoer\/Zur%20Fahne\/Metallware\/Fahnenspitzenkatalog_page13.htm\">L\u00f6wen Spitze<\/a><\/p>\n<\/div>\n\t\t<\/div><\/div><div id=\"pgc-gb49-69f4378561cc6-4-1\"  class=\"panel-grid-cell\" ><div id=\"panel-gb49-69f4378561cc6-4-1-0\" class=\"so-panel widget widget_text panel-first-child panel-last-child\" data-index=\"13\" >\t\t\t<div class=\"textwidget\"><p><a href=\"http:\/\/deutschlandfahne.com\/C_Fahnen%20Zubehoer\/Zur%20Fahne\/Metallware\/Fahnenspitzenkatalog_page14.htm\">Musik Spitzen<\/a><\/p>\n<\/div>\n\t\t<\/div><\/div><div id=\"pgc-gb49-69f4378561cc6-4-2\"  class=\"panel-grid-cell\" ><div id=\"panel-gb49-69f4378561cc6-4-2-0\" class=\"so-panel widget widget_text panel-first-child panel-last-child\" data-index=\"14\" >\t\t\t<div class=\"textwidget\"><p><a href=\"http:\/\/deutschlandfahne.com\/C_Fahnen%20Zubehoer\/Zur%20Fahne\/Metallware\/Fahnenspitzenkatalog_page15.htm\">Musik Spitzen<\/a><\/p>\n<\/div>\n\t\t<\/div><\/div><\/div><div id=\"pg-gb49-69f4378561cc6-5\"  class=\"panel-grid panel-no-style\" ><div id=\"pgc-gb49-69f4378561cc6-5-0\"  class=\"panel-grid-cell\" ><div id=\"panel-gb49-69f4378561cc6-5-0-0\" class=\"so-panel widget widget_text panel-first-child panel-last-child\" data-index=\"15\" >\t\t\t<div class=\"textwidget\"><p><a href=\"http:\/\/deutschlandfahne.com\/C_Fahnen%20Zubehoer\/Zur%20Fahne\/Metallware\/Fahnenspitzenkatalog_page16.htm\">Kirche Sakral Spitze<\/a><\/p>\n<\/div>\n\t\t<\/div><\/div><div id=\"pgc-gb49-69f4378561cc6-5-1\"  class=\"panel-grid-cell\" ><div id=\"panel-gb49-69f4378561cc6-5-1-0\" class=\"so-panel widget widget_text panel-first-child panel-last-child\" data-index=\"16\" >\t\t\t<div class=\"textwidget\"><p><a href=\"http:\/\/deutschlandfahne.com\/C_Fahnen%20Zubehoer\/Zur%20Fahne\/Metallware\/Fahnenspitzenkatalog_page17.htm\">Kirche Sakral Spitze<\/a><\/p>\n<\/div>\n\t\t<\/div><\/div><div id=\"pgc-gb49-69f4378561cc6-5-2\"  class=\"panel-grid-cell\" ><div id=\"panel-gb49-69f4378561cc6-5-2-0\" class=\"so-panel widget widget_text panel-first-child panel-last-child\" data-index=\"17\" >\t\t\t<div class=\"textwidget\"><p><a href=\"http:\/\/deutschlandfahne.com\/C_Fahnen%20Zubehoer\/Zur%20Fahne\/Metallware\/Fahnenspitzenkatalog_page18.htm\">Sakrale Spitzen<\/a><\/p>\n<\/div>\n\t\t<\/div><\/div><\/div><div id=\"pg-gb49-69f4378561cc6-6\"  class=\"panel-grid panel-no-style\" ><div id=\"pgc-gb49-69f4378561cc6-6-0\"  class=\"panel-grid-cell\" ><div id=\"panel-gb49-69f4378561cc6-6-0-0\" class=\"so-panel widget widget_text panel-first-child panel-last-child\" data-index=\"18\" >\t\t\t<div class=\"textwidget\"><p><a href=\"http:\/\/deutschlandfahne.com\/C_Fahnen%20Zubehoer\/Zur%20Fahne\/Metallware\/Fahnenspitzenkatalog_page19.htm\">Sch\u00fctzen Spitze<\/a><\/p>\n<\/div>\n\t\t<\/div><\/div><div id=\"pgc-gb49-69f4378561cc6-6-1\"  class=\"panel-grid-cell\" ><div id=\"panel-gb49-69f4378561cc6-6-1-0\" class=\"so-panel widget widget_text panel-first-child panel-last-child\" data-index=\"19\" >\t\t\t<div class=\"textwidget\"><p><a href=\"http:\/\/deutschlandfahne.com\/C_Fahnen%20Zubehoer\/Zur%20Fahne\/Metallware\/Fahnenspitzenkatalog_page20.htm\">Fahnenband Ringe<\/a><\/p>\n<\/div>\n\t\t<\/div><\/div><div id=\"pgc-gb49-69f4378561cc6-6-2\"  class=\"panel-grid-cell\" ><div id=\"panel-gb49-69f4378561cc6-6-2-0\" class=\"so-panel widget widget_text panel-first-child panel-last-child\" data-index=\"20\" >\t\t\t<div class=\"textwidget\"><p><a href=\"http:\/\/deutschlandfahne.com\/C_Fahnen%20Zubehoer\/Zur%20Fahne\/Metallware\/Fahnenspitzenkatalog_page21.htm\">Turner Spitzen<\/a><\/p>\n<\/div>\n\t\t<\/div><\/div><\/div><div id=\"pg-gb49-69f4378561cc6-7\"  class=\"panel-grid panel-no-style\" ><div id=\"pgc-gb49-69f4378561cc6-7-0\"  class=\"panel-grid-cell\" ><div id=\"panel-gb49-69f4378561cc6-7-0-0\" class=\"so-panel widget widget_text panel-first-child panel-last-child\" data-index=\"21\" >\t\t\t<div class=\"textwidget\"><p><a href=\"http:\/\/deutschlandfahne.com\/C_Fahnen%20Zubehoer\/Zur%20Fahne\/Metallware\/Fahnenspitzenkatalog_page22.htm\">Zwischenkugeln &#8211; Spitze<\/a><\/p>\n<\/div>\n\t\t<\/div><\/div><div id=\"pgc-gb49-69f4378561cc6-7-1\"  class=\"panel-grid-cell\" ><div id=\"panel-gb49-69f4378561cc6-7-1-0\" class=\"so-panel widget widget_text panel-first-child panel-last-child\" data-index=\"22\" >\t\t\t<div class=\"textwidget\"><p><a href=\"http:\/\/deutschlandfahne.com\/C_Fahnen%20Zubehoer\/Zur%20Fahne\/Metallware\/Fahnenspitzenkatalog_page23.htm\">Bannerkn\u00f6pfe<\/a><\/p>\n<\/div>\n\t\t<\/div><\/div><div id=\"pgc-gb49-69f4378561cc6-7-2\"  class=\"panel-grid-cell\" ><div id=\"panel-gb49-69f4378561cc6-7-2-0\" class=\"so-panel widget widget_text panel-first-child panel-last-child\" data-index=\"23\" >\t\t\t<div class=\"textwidget\"><p>Standarten Halter<\/p>\n<\/div>\n\t\t<\/div><\/div><\/div><div id=\"pg-gb49-69f4378561cc6-8\"  class=\"panel-grid panel-no-style\" ><div id=\"pgc-gb49-69f4378561cc6-8-0\"  class=\"panel-grid-cell\" ><div id=\"panel-gb49-69f4378561cc6-8-0-0\" class=\"so-panel widget widget_text panel-first-child panel-last-child\" data-index=\"24\" >\t\t\t<div class=\"textwidget\"><p><a href=\"http:\/\/deutschlandfahne.com\/C_Fahnen%20Zubehoer\/Zur%20Fahne\/Metallware\/Fahnenspitzenkatalog_page25.htm\">Standarten Halter<\/a><\/p>\n<\/div>\n\t\t<\/div><\/div><div id=\"pgc-gb49-69f4378561cc6-8-1\"  class=\"panel-grid-cell\" ><div id=\"panel-gb49-69f4378561cc6-8-1-0\" class=\"so-panel widget widget_text panel-first-child panel-last-child\" data-index=\"25\" >\t\t\t<div class=\"textwidget\"><p><a href=\"http:\/\/deutschlandfahne.com\/C_Fahnen%20Zubehoer\/Zur%20Fahne\/Metallware\/Fahnenspitzenkatalog_page26.htm\">Anwendung bei Banner<\/a><\/p>\n<\/div>\n\t\t<\/div><\/div><div id=\"pgc-gb49-69f4378561cc6-8-2\"  class=\"panel-grid-cell\" ><div id=\"panel-gb49-69f4378561cc6-8-2-0\" class=\"so-panel widget widget_text panel-first-child panel-last-child\" data-index=\"26\" >\t\t\t<div class=\"textwidget\"><p><a href=\"http:\/\/deutschlandfahne.com\/C_Fahnen%20Zubehoer\/Zur%20Fahne\/Metallware\/Fahnenspitzenkatalog_page27.htm\">Autostandarten Halter<\/a><\/p>\n<\/div>\n\t\t<\/div><\/div><\/div><div id=\"pg-gb49-69f4378561cc6-9\"  class=\"panel-grid panel-no-style\" ><div id=\"pgc-gb49-69f4378561cc6-9-0\"  class=\"panel-grid-cell\" ><div id=\"panel-gb49-69f4378561cc6-9-0-0\" class=\"so-panel widget widget_text panel-first-child panel-last-child\" data-index=\"27\" >\t\t\t<div class=\"textwidget\"><\/div>\n\t\t<\/div><\/div><div id=\"pgc-gb49-69f4378561cc6-9-1\"  class=\"panel-grid-cell\" ><div id=\"panel-gb49-69f4378561cc6-9-1-0\" class=\"so-panel widget widget_text panel-first-child panel-last-child\" data-index=\"28\" >\t\t\t<div class=\"textwidget\"><p><a href=\"http:\/\/deutschlandfahne.com\/C_Fahnen%20Zubehoer\/Zur%20Fahne\/Metallware\/Fahnenspitzenkatalog_page28.htm\">Tischstandarten St\u00e4nder<\/a><\/p>\n<\/div>\n\t\t<\/div><\/div><div id=\"pgc-gb49-69f4378561cc6-9-2\"  class=\"panel-grid-cell\" ><div id=\"panel-gb49-69f4378561cc6-9-2-0\" class=\"so-panel widget widget_text panel-first-child panel-last-child\" data-index=\"29\" >\t\t\t<div class=\"textwidget\"><\/div>\n\t\t<\/div><\/div><\/div><\/div>\n\n<hr>\n<hr>\n\n\n<p style=\"font-size:40px\" class=\"has-background has-pale-cyan-blue-background-color\"><a href=\"http:\/\/die-fahnen.de\/index.php?id=95&amp;L=0l%27%22\">Fahnenst\u00e4be&nbsp;&nbsp;&nbsp;&nbsp;<\/a>&nbsp;&nbsp;&nbsp;&nbsp;&nbsp; &nbsp;&nbsp;&nbsp;&nbsp;<\/p>\n\n\n\n<p class=\"has-background has-large-font-size has-pale-cyan-blue-background-color\"><a href=\"http:\/\/www.fahnen-koch.de\/?page_id=925\">Fahnentr\u00e4gerhandschuhe<\/a><\/p>\n\n\n\n<p class=\"has-background has-large-font-size has-light-green-cyan-background-color\"><a href=\"http:\/\/kochfahnen.de\/?page_id=131\">Fahnentrolley&nbsp;&nbsp;&nbsp;&nbsp;&nbsp;<\/a><\/p>\n\n\n\n<p class=\"has-background has-large-font-size has-pale-cyan-blue-background-color\"><a href=\"http:\/\/deutschlandfahne.com\/D_Festbedarf\/fanfaren%20tuecher.html\">Fanfarent\u00fccher<\/a><\/p>\n\n\n\n<p style=\"font-size:40px\" class=\"has-background has-pale-cyan-blue-background-color\"><a href=\"http:\/\/die-fahnen.de\/index.php?id=104&amp;L=324\">Festbedarf<\/a><\/p>\n\n\n\n<p class=\"has-background has-large-font-size has-pale-cyan-blue-background-color\"><a href=\"http:\/\/bayerische-flaggendruckerei.de\/?page_id=287\">Flaggen&nbsp;&nbsp;&nbsp;&nbsp;&nbsp;&nbsp;&nbsp;&nbsp;<\/a>&nbsp;<\/p>\n\n\n\n<p class=\"has-background has-large-font-size has-pale-cyan-blue-background-color\"><a href=\"http:\/\/bayerische-flaggendruckerei.de\/?page_id=287\">Flatterfahnen<\/a><\/p>\n\n\n\n<p class=\"has-background has-very-light-gray-background-color\"><strong>G<\/strong>ate Covers (Hussen f\u00fcr den Eingang)<\/p>\n\n\n\n<p class=\"has-background has-large-font-size has-very-light-gray-background-color\"><a href=\"http:\/\/www.fahnen-koch.de\/?page_id=74\">G\u00e4ste Tischdecke <\/a><\/p>\n\n\n\n<p style=\"font-size:40px\" class=\"has-background has-very-light-gray-background-color\"><a href=\"http:\/\/die-fahnen.de\/index.php?id=95&amp;L=0l%27%22\">Glasklar-\u00dcberz\u00fcge&nbsp;<\/a>&nbsp;&nbsp;<\/p>\n\n\n\n<p class=\"has-background has-large-font-size has-pale-cyan-blue-background-color\"><a href=\"http:\/\/die-fahnen.de\/index.php?id=170\"><strong>H<\/strong>andkolorierter Stoffdruck<\/a>&nbsp;<\/p>\n\n\n\n<p style=\"font-size:40px\" class=\"has-background has-pale-cyan-blue-background-color\"><strong><a href=\"http:\/\/www.fahnen-koch.de\/?page_id=925\">H<\/a><\/strong><a href=\"http:\/\/www.fahnen-koch.de\/?page_id=925\">andschuhe\u00a0<\/a>\u00a0\u00a0\u00a0\u00a0<\/p>\n\n\n\n<p class=\"has-background has-large-font-size has-pale-cyan-blue-background-color\"><a href=\"http:\/\/www.fahnen-koch.de\/?page_id=818\">Hemdenkragen besticken <\/a><\/p>\n\n\n\n<p class=\"has-background has-large-font-size has-pale-cyan-blue-background-color\"><a href=\"http:\/\/deutschlandfahne.com\/D_Festbedarf\/Hochzeitsartikel.html\">Hochzeit Artikel<\/a><\/p>\n\n\n\n<p class=\"has-background has-large-font-size has-pale-cyan-blue-background-color\"><a href=\"http:\/\/lumiflag.de\/?page_id=11\">Hussen<\/a> Schlaraffia!!<\/p>\n\n\n\n<p class=\"has-background has-large-font-size has-very-light-gray-background-color\"><strong><a href=\"http:\/\/www.fahnen-koch.de\/?page_id=908\">I<\/a><\/strong><a href=\"http:\/\/www.fahnen-koch.de\/?page_id=908\">nternationale Fahnen&nbsp;&nbsp;&nbsp;&nbsp;&nbsp;&nbsp;&nbsp;<\/a><\/p>\n\n\n\n<p class=\"has-background has-large-font-size has-pale-cyan-blue-background-color\"><strong><a href=\"http:\/\/deutschlandfahne.com\/D_Festbedarf\/Wimpel.html\">J<\/a><\/strong><a href=\"http:\/\/deutschlandfahne.com\/D_Festbedarf\/Wimpel.html\">ugendfeuerwehr-Tragwimpel&nbsp;<\/a>&nbsp;&nbsp;<\/p>\n\n\n\n<p class=\"has-background has-large-font-size has-pale-cyan-blue-background-color\"><a href=\"http:\/\/deutschlandfahne.com\/D_Festbedarf\/Wimpel.html\">Jugend-Rot-Kreuz-Tragwimpel&nbsp;&nbsp;<\/a>&nbsp;&nbsp;&nbsp;<\/p>\n\n\n\n<p class=\"has-background has-large-font-size has-very-light-gray-background-color\"><strong><a href=\"http:\/\/www.fahnen-koch.de\/?page_id=818\">K<\/a><\/strong><a href=\"http:\/\/www.fahnen-koch.de\/?page_id=818\">esselpaukenbeh\u00e4nge&nbsp;&nbsp;<\/a>&nbsp;<\/p>\n\n\n\n<p class=\"has-background has-large-font-size has-very-light-gray-background-color\"><a href=\"http:\/\/fahnenbaender.de\/?page_id=231\">Krawatte <\/a><\/p>\n\n\n\n<p class=\"has-background has-large-font-size has-very-light-gray-background-color\"><a href=\"http:\/\/fahnenbaender.de\/?page_id=231\">Kissen<\/a><\/p>\n\n\n\n<p class=\"has-background has-large-font-size has-very-light-gray-background-color\"><a href=\"http:\/\/thueringer-fahnenfabrik.de\/?page_id=235\">Kunststoff-Abzeichen&nbsp;&nbsp;&nbsp;<\/a><\/p>\n\n\n\n<p style=\"font-size:40px\" class=\"has-background has-pale-cyan-blue-background-color\"><strong><a href=\"http:\/\/die-fahnen.de\/index.php?id=95&amp;L=0l%27%22\">L<\/a><\/strong><a href=\"http:\/\/die-fahnen.de\/index.php?id=95&amp;L=0l%27%22\">edertragbandeliere&nbsp;<\/a>&nbsp;&nbsp;&nbsp;&nbsp;<\/p>\n\n\n\n<p style=\"font-size:40px\" class=\"has-background has-pale-cyan-blue-background-color\"><a href=\"http:\/\/www.fahnen-koch.de\/?page_id=547\">Ledertransport Sack <\/a><\/p>\n\n\n\n<p class=\"has-background has-large-font-size has-pale-cyan-blue-background-color\"><a href=\"http:\/\/www.fahnen-koch.de\/?page_id=55\">Leihfahnen<\/a><\/p>\n\n\n\n<p class=\"has-background has-large-font-size has-pale-cyan-blue-background-color\"><a href=\"http:\/\/www.fahnen-koch.de\/?page_id=925\">Leibsch\u00e4rpen&nbsp;&nbsp;&nbsp;&nbsp;&nbsp;&nbsp;&nbsp; Sch\u00e4rpen<\/a><\/p>\n\n\n\n<p class=\"has-background has-large-font-size has-pale-cyan-blue-background-color\"><a href=\"http:\/\/www.fahnen-koch.de\/?page_id=55\">Leihtransparente<\/a>&nbsp;&nbsp;&nbsp;<\/p>\n\n\n\n<p class=\"has-background has-large-font-size has-very-light-gray-background-color\"><strong><a href=\"http:\/\/fahnenbaender.de\/?page_id=69\">M<\/a><\/strong><a href=\"http:\/\/fahnenbaender.de\/?page_id=69\">etallabzeichen&nbsp;<\/a><\/p>\n\n\n\n<p style=\"font-size:40px\" class=\"has-background has-very-light-gray-background-color\"><a href=\"http:\/\/www.fahnen-koch.de\/?page_id=818\">Monogramme<\/a><\/p>\n\n\n\n<p class=\"has-background has-large-font-size has-very-light-gray-background-color\"><a href=\"http:\/\/lumiflag.de\/?page_id=7\">M\u00fctzen&nbsp;<\/a> &nbsp;&nbsp; Schlaraffia!!<\/p>\n\n\n\n<p style=\"font-size:40px\" class=\"has-background has-very-light-gray-background-color\"><strong><a href=\"http:\/\/www.fahnen-koch.de\/?page_id=818\">N<\/a><\/strong><a href=\"http:\/\/www.fahnen-koch.de\/?page_id=818\">amen gesticken<\/a><\/p>\n\n\n\n<p class=\"has-background has-large-font-size has-very-light-gray-background-color\"><a href=\"http:\/\/www.fahnen-koch.de\/?page_id=818\">Notenpultbeh\u00e4nge<\/a>&nbsp;&nbsp;<\/p>\n\n\n\n<p class=\"has-background has-large-font-size has-pale-cyan-blue-background-color\"><strong><a href=\"http:\/\/thueringer-fahnenfabrik.de\/?page_id=235\">P<\/a><\/strong><a href=\"http:\/\/thueringer-fahnenfabrik.de\/?page_id=235\">apierf\u00e4hnchen&nbsp;&nbsp;&nbsp;<\/a><\/p>\n\n\n\n<p class=\"has-background has-large-font-size has-pale-cyan-blue-background-color\"><a href=\"http:\/\/www.fahnen-koch.de\/?page_id=99\">Prunkfahne<\/a><\/p>\n\n\n\n<p class=\"has-background has-large-font-size has-very-light-gray-background-color\"><a href=\"http:\/\/www.fahnen-koch.de\/?page_id=861\">Regimenter Fahnen<\/a><\/p>\n\n\n\n<p class=\"has-background has-large-font-size has-very-light-gray-background-color\"><a href=\"http:\/\/fahnenreparatur.de\/?page_id=997\">Restauration &#8211; restaurieren alter Fahnen<\/a><\/p>\n\n\n\n<p class=\"has-background has-large-font-size has-very-light-gray-background-color\"><a href=\"http:\/\/thueringer-fahnenfabrik.de\/?page_id=656\">Ringband Sicherung<\/a><\/p>\n\n\n\n<p class=\"has-background has-large-font-size has-very-light-gray-background-color\"><strong>R<\/strong>osetten&nbsp;&nbsp;&nbsp;&nbsp;&nbsp;&nbsp;&nbsp;&nbsp;&nbsp;<\/p>\n\n\n\n<p class=\"has-background has-large-font-size has-pale-cyan-blue-background-color\"><strong><a href=\"http:\/\/thueringer-fahnenfabrik.de\/?page_id=656\">Q<\/a><\/strong><a href=\"http:\/\/thueringer-fahnenfabrik.de\/?page_id=656\">uerst\u00e4be f\u00fcr Fahnen<\/a><\/p>\n\n\n\n<p class=\"has-background has-large-font-size has-very-light-gray-background-color\"><strong><a href=\"http:\/\/www.fahnen-koch.de\/?page_id=925\">S<\/a><\/strong><a href=\"http:\/\/www.fahnen-koch.de\/?page_id=925\">ch\u00e4rpen<\/a>&nbsp;&nbsp;&nbsp;&nbsp;&nbsp;&nbsp;&nbsp;&nbsp;&nbsp;<\/p>\n\n\n\n<p class=\"has-background has-large-font-size has-very-light-gray-background-color\"><a href=\"http:\/\/lumiflag.de\">Schlaraffen \u2013 R\u00fcstungen&nbsp; Helm<\/a><\/p>\n\n\n\n<p class=\"has-background has-large-font-size has-very-light-gray-background-color\"><a href=\"http:\/\/www.fahnen-koch.de\/?page_id=76\">Servietten<\/a><\/p>\n\n\n\n<p class=\"has-background has-large-font-size has-very-light-gray-background-color\"><a href=\"http:\/\/www.fahnen-koch.de\/?page_id=1008\">Stabflaggen<\/a><\/p>\n\n\n\n<p style=\"font-size:40px\" class=\"has-background has-very-light-gray-background-color\"><a href=\"http:\/\/die-fahnen.de\/index.php?id=108&amp;L=0l%27%22\">Stra\u00dfenschmuck<\/a><\/p>\n\n\n\n<p class=\"has-background has-large-font-size has-very-light-gray-background-color\"><a href=\"http:\/\/kochfahnen.de\/?page_id=131\">Spitzen<\/a><\/p>\n\n\n\n<p class=\"has-background has-large-font-size has-light-green-cyan-background-color\"><a href=\"http:\/\/deutscheflaggen.com\/?page_id=849\">Spitzbanner<\/a><a href=\"http:\/\/www.fahnen-koch.de\/?page_id=849\">&nbsp;<\/a><\/p>\n\n\n\n<p class=\"has-background has-large-font-size has-very-light-gray-background-color\"><a href=\"http:\/\/deutschefahnen.de\/?page_id=1483\">Standarten&nbsp;<\/a>&nbsp;&nbsp;&nbsp;&nbsp;<\/p>\n\n\n\n<p class=\"has-background has-large-font-size has-very-light-gray-background-color\"><a href=\"http:\/\/fahnenbaender.de\/?page_id=34\">Standartenb\u00e4nder<\/a>&nbsp;&nbsp;&nbsp;<\/p>\n\n\n\n<p class=\"has-background has-large-font-size has-very-light-gray-background-color\"><a href=\"http:\/\/deutschlandfahne.com\/C_Fahnen%20Zubehoer\/Zur%20Fahne\/Metallware\/Fahnenspitzenkatalog_page24.htm\">Standartenhalter&nbsp;&nbsp;&nbsp;<\/a><\/p>\n\n\n\n<p class=\"has-background has-large-font-size has-very-light-gray-background-color\"><a href=\"http:\/\/fahnenbaender.de\/?page_id=69\">Stoffabzeichen&nbsp;&nbsp;&nbsp;&nbsp;&nbsp;<\/a><\/p>\n\n\n\n<p class=\"has-background has-large-font-size has-very-light-gray-background-color\"><a href=\"http:\/\/deutschefahne.de\/HTTP\/fk\/vereinsfahne%20Stickerei\/gestickte%20Vereinsfahnengalerie.html\">Studentenfahnen&nbsp;&nbsp;<\/a>&nbsp;<\/p>\n\n\n\n<p class=\"has-background has-large-font-size has-very-light-gray-background-color\"><a href=\"http:\/\/deutschlandfahne.com\/D_Festbedarf\/Stickerei%20Artikel.html\">Stuhlbestickungen<\/a><\/p>\n\n\n\n<p class=\"has-background has-large-font-size has-pale-cyan-blue-background-color\"><strong><a href=\"http:\/\/www.fahnen-koch.de\/?page_id=51\">T<\/a><\/strong><a href=\"http:\/\/www.fahnen-koch.de\/?page_id=51\">ischbanner&nbsp;&nbsp;<\/a>&nbsp;&nbsp;&nbsp;&nbsp;&nbsp;<\/p>\n\n\n\n<p class=\"has-background has-large-font-size has-pale-cyan-blue-background-color\"><a href=\"http:\/\/fahnenbaender.de\/?page_id=34\">Tischbannerb\u00e4nder<\/a>&nbsp;<\/p>\n\n\n\n<p class=\"has-background has-large-font-size has-pale-cyan-blue-background-color\"><a href=\"http:\/\/fahnenbaender.de\/?page_id=231\">Tischdecken<\/a><\/p>\n\n\n\n<p class=\"has-background has-large-font-size has-pale-cyan-blue-background-color\"><a href=\"http:\/\/www.fahnen-koch.de\/?page_id=51\">Tischstandarten&nbsp;&nbsp;&nbsp;<\/a> ,&nbsp;&nbsp;<\/p>\n\n\n\n<p class=\"has-background has-large-font-size has-pale-cyan-blue-background-color\"><a href=\"http:\/\/www.fahnen-koch.de\/?page_id=51\">Tischstandartenb\u00e4nder&nbsp;<\/a><\/p>\n\n\n\n<p class=\"has-background has-large-font-size has-pale-cyan-blue-background-color\"><a href=\"http:\/\/deutschlandfahne.com\/C_Fahnen%20Zubehoer\/Zur%20Fahne\/Metallware\/Fahnenspitzenkatalog_page28.htm\">Tischstandartenst\u00e4nder&nbsp;<\/a><\/p>\n\n\n\n<p style=\"font-size:40px\" class=\"has-background has-pale-cyan-blue-background-color\"><a href=\"http:\/\/die-fahnen.de\/index.php?id=95&amp;L=0l%27%22\">Tragebandeliere&nbsp;&nbsp;&nbsp;&nbsp;&nbsp;<\/a>&nbsp;&nbsp;<\/p>\n\n\n\n<p class=\"has-background has-large-font-size has-pale-cyan-blue-background-color\"><a href=\"http:\/\/www.fahnen-koch.de\/?page_id=940\">Tragwimpel<\/a>&nbsp;&nbsp;&nbsp;&nbsp;&nbsp;&nbsp;&nbsp;<\/p>\n\n\n\n<p class=\"has-background has-large-font-size has-pale-cyan-blue-background-color\"><a href=\"http:\/\/www.fahnen-koch.de\/?page_id=65\">Transparente&nbsp;&nbsp;&nbsp;<\/a><\/p>\n\n\n\n<p class=\"has-background has-large-font-size has-pale-cyan-blue-background-color\"><a href=\"http:\/\/fahnenbaender.de\/?page_id=94\">Trauerb\u00e4nder&nbsp;&nbsp;<\/a><\/p>\n\n\n\n<p style=\"font-size:40px\" class=\"has-background has-pale-cyan-blue-background-color\"><a href=\"http:\/\/die-fahnen.de\/index.php?id=95&amp;L=0l%27%22\">Trauerflor&nbsp;&nbsp;<\/a>&nbsp;&nbsp;&nbsp;<\/p>\n\n\n\n<p class=\"has-background has-large-font-size has-pale-cyan-blue-background-color\">T\u00fccher<\/p>\n\n\n\n<p class=\"has-background has-large-font-size has-very-light-gray-background-color\"><a href=\"http:\/\/www.fahnen-koch.de\/?page_id=101\">Vereinsfahne<\/a><\/p>\n\n\n\n<p class=\"has-background has-large-font-size has-pale-cyan-blue-background-color\"><strong><a href=\"http:\/\/www.fahnen-koch.de\/?page_id=63\">W<\/a><\/strong><a href=\"http:\/\/www.fahnen-koch.de\/?page_id=63\">erbefahnen<\/a><\/p>\n\n\n\n<p class=\"has-background has-large-font-size has-pale-cyan-blue-background-color\"><a href=\"http:\/\/www.fahnen-koch.de\/?page_id=51\">Wimpel<\/a><\/p>\n\n\n\n<p class=\"has-background has-large-font-size has-pale-cyan-blue-background-color\">Wimpelketten<\/p>\n\n\n\n<p style=\"font-size:40px\" class=\"has-text-color has-background has-very-dark-gray-color has-pale-cyan-blue-background-color\"><a href=\"http:\/\/die-fahnen.de\/index.php?id=98&amp;L=414\">Wimpelspeer<\/a><\/p>\n\n\n\n<ul class=\"wp-block-list\"><li>&nbsp;<\/li><\/ul>\n\n\n\n<div class=\"wp-block-image\"><figure class=\"aligncenter\"><img loading=\"lazy\" decoding=\"async\" width=\"900\" height=\"675\" src=\"http:\/\/kochfahnen.de\/wp-content\/uploads\/2019\/10\/204_3_stickmaschine01.jpg\" alt=\"\" class=\"wp-image-175\" srcset=\"http:\/\/kochfahnen.de\/wp-content\/uploads\/2019\/10\/204_3_stickmaschine01.jpg 900w, http:\/\/kochfahnen.de\/wp-content\/uploads\/2019\/10\/204_3_stickmaschine01-300x225.jpg 300w, http:\/\/kochfahnen.de\/wp-content\/uploads\/2019\/10\/204_3_stickmaschine01-768x576.jpg 768w\" sizes=\"auto, (max-width: 900px) 100vw, 900px\" \/><figcaption>Neben Handstickerei auch Computer<\/figcaption><\/figure><\/div>\n\n\n\n<p>&nbsp;<\/p>\n\n\n\n<div class=\"wp-block-image\"><figure class=\"aligncenter\"><img loading=\"lazy\" decoding=\"async\" width=\"1024\" height=\"768\" src=\"http:\/\/kochfahnen.de\/wp-content\/uploads\/2019\/10\/druckfahnenKoch2-1-1024x768.jpg\" alt=\"\" class=\"wp-image-177\" srcset=\"http:\/\/kochfahnen.de\/wp-content\/uploads\/2019\/10\/druckfahnenKoch2-1-1024x768.jpg 1024w, http:\/\/kochfahnen.de\/wp-content\/uploads\/2019\/10\/druckfahnenKoch2-1-300x225.jpg 300w, http:\/\/kochfahnen.de\/wp-content\/uploads\/2019\/10\/druckfahnenKoch2-1-768x576.jpg 768w, http:\/\/kochfahnen.de\/wp-content\/uploads\/2019\/10\/druckfahnenKoch2-1-1440x1080.jpg 1440w\" sizes=\"auto, (max-width: 1024px) 100vw, 1024px\" \/><figcaption>Der klassische Siebdruck<\/figcaption><\/figure><\/div>\n\n\n\n<p>&nbsp;<\/p>\n\n\n<div id=\"pl-gb49-69f4378564b88\"  class=\"panel-layout\" ><div id=\"pg-gb49-69f4378564b88-0\"  class=\"panel-grid panel-no-style\" ><div id=\"pgc-gb49-69f4378564b88-0-0\"  class=\"panel-grid-cell\" ><\/div><div id=\"pgc-gb49-69f4378564b88-0-1\"  class=\"panel-grid-cell\" ><div id=\"panel-gb49-69f4378564b88-0-1-0\" class=\"so-panel widget widget_media_image panel-first-child panel-last-child\" data-index=\"1\" ><div class=\"panel-widget-style panel-widget-style-for-gb49-69f4378564b88-0-1-0\" ><img loading=\"lazy\" decoding=\"async\" width=\"900\" height=\"140\" src=\"http:\/\/kochfahnen.de\/wp-content\/uploads\/2019\/10\/KOCH_gruppe-sauber-.png\" class=\"image wp-image-27  attachment-full size-full\" alt=\"\" style=\"max-width: 100%; height: auto;\" srcset=\"http:\/\/kochfahnen.de\/wp-content\/uploads\/2019\/10\/KOCH_gruppe-sauber-.png 900w, http:\/\/kochfahnen.de\/wp-content\/uploads\/2019\/10\/KOCH_gruppe-sauber--300x47.png 300w, http:\/\/kochfahnen.de\/wp-content\/uploads\/2019\/10\/KOCH_gruppe-sauber--768x119.png 768w\" sizes=\"auto, (max-width: 900px) 100vw, 900px\" \/><\/div><\/div><\/div><div id=\"pgc-gb49-69f4378564b88-0-2\"  class=\"panel-grid-cell\" ><\/div><\/div><\/div>","protected":false},"excerpt":{"rendered":"<p>&nbsp; &nbsp; &nbsp; Hier sind alle unserer Produkte aufgef\u00fchrt. Klicke auf den unterstrichene Namen! &nbsp; Wissen \u00fcber Fahne, Tragen der Sch\u00e4rpe &amp; Trauerbeflaggung Abzeichen gestickt und gedruckt&nbsp;&nbsp;&nbsp; Aktionsfahnen Armabzeichen&nbsp;&nbsp;&nbsp;&nbsp;&nbsp;&nbsp;&nbsp;&nbsp;&nbsp;&nbsp;&nbsp;&nbsp;&nbsp;&nbsp;&nbsp;&nbsp;&nbsp; Armbinden&nbsp;&nbsp;&nbsp;&nbsp;&nbsp;&nbsp;&nbsp;&nbsp;&nbsp;&nbsp;&nbsp;&nbsp;&nbsp;&nbsp;&nbsp;&nbsp;&nbsp;&nbsp;&nbsp; Armstreifen gestickt&nbsp;&nbsp;&nbsp;&nbsp;&nbsp; Autoflagge Automatenstickerei&nbsp;&nbsp;&nbsp;&nbsp;&nbsp; Baldachin Bandabzeichen&nbsp;&nbsp;&nbsp;&nbsp;&nbsp; Banner&nbsp;&nbsp;&nbsp;&nbsp; Begleitersch\u00e4rpen Beh\u00e4nge&nbsp;&nbsp;&nbsp;&nbsp;&nbsp;&nbsp;&nbsp;&nbsp;&nbsp; Bootsflaggen Couleur-Artikel&nbsp;&nbsp;&nbsp;&nbsp;&nbsp; Damensch\u00e4rpen&nbsp;&nbsp;&nbsp; Emailleabzeichen&nbsp;&nbsp;&nbsp;&nbsp;&nbsp; Erinnerungsb\u00e4nder&nbsp;&nbsp; Erinnerungswimpel&nbsp;&nbsp;&nbsp; Fahnen gestickt&nbsp;&nbsp;&nbsp; Fahnenb\u00e4nder&nbsp;&nbsp;&nbsp;&nbsp; Fahnenbandkissen Schlaraffia!! Fahnenbandringe Fahnenketten aus Papier&nbsp;&nbsp;&nbsp;&nbsp;&nbsp; Fahnenketten&hellip; <br \/> <a class=\"read-more\" href=\"http:\/\/kochfahnen.de\/?page_id=49\">Weiterlesen<\/a><\/p>\n","protected":false},"author":1,"featured_media":0,"parent":0,"menu_order":0,"comment_status":"closed","ping_status":"closed","template":"","meta":{"footnotes":""},"class_list":["post-49","page","type-page","status-publish","hentry"],"aioseo_notices":[],"_links":{"self":[{"href":"http:\/\/kochfahnen.de\/index.php?rest_route=\/wp\/v2\/pages\/49","targetHints":{"allow":["GET"]}}],"collection":[{"href":"http:\/\/kochfahnen.de\/index.php?rest_route=\/wp\/v2\/pages"}],"about":[{"href":"http:\/\/kochfahnen.de\/index.php?rest_route=\/wp\/v2\/types\/page"}],"author":[{"embeddable":true,"href":"http:\/\/kochfahnen.de\/index.php?rest_route=\/wp\/v2\/users\/1"}],"replies":[{"embeddable":true,"href":"http:\/\/kochfahnen.de\/index.php?rest_route=%2Fwp%2Fv2%2Fcomments&post=49"}],"version-history":[{"count":120,"href":"http:\/\/kochfahnen.de\/index.php?rest_route=\/wp\/v2\/pages\/49\/revisions"}],"predecessor-version":[{"id":483,"href":"http:\/\/kochfahnen.de\/index.php?rest_route=\/wp\/v2\/pages\/49\/revisions\/483"}],"wp:attachment":[{"href":"http:\/\/kochfahnen.de\/index.php?rest_route=%2Fwp%2Fv2%2Fmedia&parent=49"}],"curies":[{"name":"wp","href":"https:\/\/api.w.org\/{rel}","templated":true}]}}